{"id":56,"date":"2024-10-16T13:07:02","date_gmt":"2024-10-16T11:07:02","guid":{"rendered":"https:\/\/2030investirdemain.com\/?page_id=56"},"modified":"2026-02-03T15:51:02","modified_gmt":"2026-02-03T14:51:02","slug":"presentation","status":"publish","type":"page","link":"https:\/\/2030investirdemain.com\/fr\/presentation\/","title":{"rendered":"Pr\u00e9sentation"},"content":{"rendered":" \n  <div id=\"\" class=\"bloc textEntete position-relative\">\n    <div class=\"container position-relative text-center\">\n            <h2 class=\"apparition animDelay250 titre38 mb-4 mb-md-5\">\n        2030, Investir Demain      <\/h2>\n      <div class=\"apparition animDelay500\">\n              <\/div>\n      <div class=\"apparition animDelay750\">\n        <p>Les me\u0301dias ID, l\u2019Info Durable et L\u2019Agefi, s\u2019associent et lancent officiellement le Think Tank \u00ab 2030, Investir Demain \u00bb, dont l\u2019ambition est de nourrir les de\u0301bats et de f\u00e9d\u00e9rer les acteurs financiers autour des grands enjeux de la finance durable. Cette initiative de place se veut un espace de re\u0301flexion, mais aussi d\u2019action, pour re\u0301pondre a\u0300 l\u2019urgence des de\u0301fis environnementaux et sociaux qui se posent \u00e0 l\u2019e\u0301chelle mondiale.<\/p>\n      <\/div>\n    <\/div>\n  <\/div>\n    \n\n  <div id=\"\" class=\"bloc textImage   imageGauche position-relative\">\n    <div class=\"container position-relative\">\n      <div class=\"row\">\n                  <div class=\"col-12 order-md-1 col-md-5\">\n          \n          <\/div>\n                <div class=\"col-12 order-md-2 col-md-7\">\n          <h2 class=\"apparition\">\n            Notre Ambition          <\/h2>\n        <\/div>\n        <div class=\"col-12 col-md-5 order-md-3\">\n          <div class=\"cadreImage\">\n            <img decoding=\"async\" src=\"https:\/\/2030investirdemain.com\/wp-content\/uploads\/2024\/11\/forest-trees-perspective-bright-957024.jpeg\" class=\"w-100 myshadow apparition animDelay250 apparitionFromLeft\" \/>\n                      <\/div>\n        <\/div>\n        <div class=\"col-12 col-md-7 order-md-4 d-flex align-items-center \">\n          <div>\n            <div class=\"apparition mt-4 mt-md-0\">\n              <p><span class=\"TextRun SCXW65829273 BCX0\" lang=\"FR-FR\" xml:lang=\"FR-FR\" data-contrast=\"auto\"><span class=\"NormalTextRun SCXW65829273 BCX0\">En l\u2019espace de seulement quelques ann\u00e9es, les notions de d\u00e9veloppement durable et de transition \u00e9cologique sont devenues incontournables au sein de nos soci\u00e9t\u00e9s. Contraints par les r\u00e9glementations et\/ou port\u00e9s par leurs convictions, de nombreux acteurs se sont empar\u00e9s de ces sujets en essayant d\u2019identifier des solutions visant \u00e0 acc\u00e9l\u00e9rer la transition vers une \u00e9conomie <\/span><span class=\"NormalTextRun SCXW65829273 BCX0\">d\u00e9carbon\u00e9e<\/span><span class=\"NormalTextRun SCXW65829273 BCX0\">, mais aussi les opportunit\u00e9s li\u00e9es \u00e0 cette transformation.<\/span><\/span><\/p>\n<p><span class=\"TextRun SCXW251101922 BCX0\" lang=\"FR-FR\" xml:lang=\"FR-FR\" data-contrast=\"auto\"><span class=\"NormalTextRun SCXW251101922 BCX0\">Chez les acteurs financiers, cette tendance s\u2019illustre depuis plusieurs ann\u00e9es par la prise en compte croissante de crit\u00e8res de durabilit\u00e9 dans les d\u00e9cisions de financement. En face, les entreprises redoublent d\u2019efforts pour minimiser leurs impacts sur l\u2019environnement et la soci\u00e9t\u00e9 et pour d\u00e9velopper des offres de produits et de services dits \u00ab responsables \u00bb, visant notamment \u00e0 r\u00e9pondre aux attentes de consommateurs toujours plus sensibilis\u00e9s \u00e0 ces sujets.<\/span><\/span><span class=\"EOP SCXW251101922 BCX0\" data-ccp-props=\"{&quot;335559739&quot;:0}\">\u00a0<\/span><\/p>\n            <\/div>\n                      <\/div>\n        <\/div>\n      <\/div>\n    <\/div>\n  <\/div>\n    \n\n  <div id=\"\" class=\"bloc textImage   imageDroite position-relative\">\n    <div class=\"container position-relative\">\n      <div class=\"row\">\n                <div class=\"col-12 order-md-2 \">\n          <h2 class=\"apparition\">\n            Collaborer pour transformer les pratiques          <\/h2>\n        <\/div>\n        <div class=\"col-12 col-md-5 order-md-4\">\n          <div class=\"cadreImage\">\n            <img decoding=\"async\" src=\"https:\/\/2030investirdemain.com\/wp-content\/uploads\/2024\/11\/g-stockstudio-de-Getty-Images.png\" class=\"w-100 myshadow apparition animDelay250 apparitionFromRight\" \/>\n                      <\/div>\n        <\/div>\n        <div class=\"col-12 col-md-7 order-md-3 d-flex align-items-center \">\n          <div>\n            <div class=\"apparition mt-4 mt-md-0\">\n              <p><span data-contrast=\"auto\">Si les initiatives sont aujourd\u2019hui nombreuses, leur d\u00e9ploiement et leur adoption \u00e0 grande \u00e9chelle restent cependant des enjeux majeurs. L\u2019atteinte des objectifs de d\u00e9veloppement durable fix\u00e9s \u00e0 court et moyen termes impose pourtant une acc\u00e9l\u00e9ration des efforts, qui passe notamment par un renforcement de la collaboration entre les diff\u00e9rents acteurs de l\u2019\u00e9cosyst\u00e8me.<\/span><span data-ccp-props=\"{&quot;335559739&quot;:0}\">\u00a0<\/span><\/p>\n<p><span data-contrast=\"auto\">C&rsquo;est pr\u00e9cis\u00e9ment dans ce contexte qu\u2019a vu le jour le Think Tank \u00ab 2030, Investir Demain \u00bb. Cr\u00e9\u00e9 \u00e0 l\u2019initiative de <\/span><b><span data-contrast=\"auto\">L\u2019Agefi<\/span><\/b><span data-contrast=\"auto\"> et <\/span><b><span data-contrast=\"auto\">ID, l\u2019Info Durable<\/span><\/b><span data-contrast=\"auto\">, ce laboratoire d\u2019id\u00e9es vise \u00e0 r\u00e9unir investisseurs, entreprises, chercheurs ou encore acteurs publics pour <\/span><span data-contrast=\"none\">anticiper les grandes transformations \u00e0 venir dans le domaine de la finance durable, <\/span><span data-contrast=\"auto\">partager les meilleures pratiques<\/span><span data-contrast=\"none\">, et surtout cr\u00e9er une dynamique collective en proposant des solutions concr\u00e8tes.<\/span><\/p>\n<p><em><span class=\"TextRun Highlight SCXW97614894 BCX0\" lang=\"FR-FR\" xml:lang=\"FR-FR\" data-contrast=\"none\"><span class=\"NormalTextRun SCXW97614894 BCX0\">\u00ab \u00c0 travers cette initiative nous avons souhait\u00e9 stimuler les d\u00e9bats qui sont nombreux autour de l\u2019Investissement socialement responsable au sein des acteurs de la finance, explique Fran\u00e7ois Robin, directeur g\u00e9n\u00e9ral d\u00e9l\u00e9gu\u00e9 de L\u2019<\/span><span class=\"NormalTextRun SpellingErrorV2Themed SCXW97614894 BCX0\">Agefi<\/span><span class=\"NormalTextRun SCXW97614894 BCX0\">. Par ailleurs <\/span><span class=\"NormalTextRun AdvancedProofingIssueV2Themed SCXW97614894 BCX0\">de par<\/span><span class=\"NormalTextRun SCXW97614894 BCX0\"> nos positions respectives, nous avons avec ID, l\u2019Info durable comme objectif de favoriser la diffusion de ces r\u00e9flexions et d\u2019ancrer l\u2019ISR au-del\u00e0 du seul cercle des financiers. \u00bb<\/span><\/span><span class=\"EOP SCXW97614894 BCX0\" data-ccp-props=\"{&quot;335559739&quot;:0}\">\u00a0<\/span><\/em><\/p>\n            <\/div>\n                      <\/div>\n        <\/div>\n      <\/div>\n    <\/div>\n  <\/div>\n    \n\n  <div id=\"\" class=\"bloc textImage   imageGauche position-relative\">\n    <div class=\"container position-relative\">\n      <div class=\"row\">\n                  <div class=\"col-12 order-md-1 col-md-5\">\n          \n          <\/div>\n                <div class=\"col-12 order-md-2 col-md-7\">\n          <h2 class=\"apparition\">\n            Visibilit\u00e9 et diffusion des travaux           <\/h2>\n        <\/div>\n        <div class=\"col-12 col-md-5 order-md-3\">\n          <div class=\"cadreImage\">\n            <img decoding=\"async\" src=\"https:\/\/2030investirdemain.com\/wp-content\/uploads\/2024\/11\/Karolina-Grabowska-de-Pexels.png\" class=\"w-100 myshadow apparition animDelay250 apparitionFromLeft\" \/>\n                      <\/div>\n        <\/div>\n        <div class=\"col-12 col-md-7 order-md-4 d-flex align-items-center \">\n          <div>\n            <div class=\"apparition mt-4 mt-md-0\">\n              <p><span data-contrast=\"auto\">Lanc\u00e9 \u00e0 la rentr\u00e9e 2024, le Think Tank s\u2019articule \u00e0 ce jour autour de diff\u00e9rents groupes de travail th\u00e9matiques, chacun incarn\u00e9 par un gestionnaire d\u2019actifs leader sur les questions de durabilit\u00e9. Ces groupes se r\u00e9unissent tous les deux mois pour d\u00e9battre, formuler des id\u00e9es et faire des propositions en rapport avec la th\u00e9matique.<\/span><span data-contrast=\"none\">\u00a0<\/span><span data-ccp-props=\"{&quot;335559739&quot;:0}\">\u00a0<\/span><\/p>\n<p><span data-contrast=\"auto\">Gr\u00e2ce \u00e0 l\u2019accompagnement continu assur\u00e9 par <\/span><b><span data-contrast=\"auto\">L\u2019Agefi<\/span><\/b><span data-contrast=\"auto\"> et <\/span><b><span data-contrast=\"auto\">ID, l\u2019Info Durable<\/span><\/b><span data-contrast=\"auto\">, les r\u00e9sultats et avanc\u00e9es des groupes de travail sont relay\u00e9s tout au long de l&rsquo;ann\u00e9e. Chaque \u00e9tape fait l&rsquo;objet d&rsquo;une couverture m\u00e9diatique, avec la production d&rsquo;articles, de podcasts ou encore de vid\u00e9os, avec pour ambition de toucher aussi bien les investisseurs que les d\u00e9cideurs publics, les entreprises et le grand public.<\/span><\/p>\n            <\/div>\n                      <\/div>\n        <\/div>\n      <\/div>\n    <\/div>\n  <\/div>\n    \n\n\n<p><em>\u00ab Notre premier enjeu est d\u2019animer cette initiative de place. Chaque groupe de travail s\u2019est fix\u00e9 des objectifs tr\u00e8s ambitieux afin de faire avancer des sujets majeurs pour l\u2019\u00e9cosyst\u00e8me, nous serons \u00e0 la man\u0153uvre pour cr\u00e9er des dynamiques collectives permettant d\u2019obtenir des r\u00e9sultats tangibles et profitables au plus grand nombre, indique Val\u00e8re Corr\u00e9ard, directeur d\u00e9l\u00e9gu\u00e9 aux r\u00e9dactions chez ID, l\u2019Info Durable. Ensuite, nous nous impliquerons pour m\u00e9diatiser les travaux mais aussi les r\u00e9flexions des diff\u00e9rentes \u00e9quipes de recherche au fil de l\u2019eau afin que les acteurs du monde financier, mais aussi le grand public suivent au plus pr\u00e8s les avanc\u00e9es du Think Tank \u00bb.&nbsp;<\/em><\/p>\n\n\n\n<p>Les contenus produits au fil des discussions sont diffus\u00e9s non seulement sur les plateformes des deux m\u00e9dias fondateurs, mais \u00e9galement sur un site internet d\u00e9di\u00e9 au Think Tank, offrant un espace d\u2019\u00e9change et de suivi pour l\u2019ensemble de l\u2019\u00e9cosyst\u00e8me. Ce site centralise les publications, facilite le partage des id\u00e9es et assure la promotion des solutions \u00e9labor\u00e9es au sein des diff\u00e9rents groupes de r\u00e9flexion.&nbsp;<\/p>\n\n\n\n<p><\/p>\n\n\n\n<p><\/p>\n\n\n  <div id=\"\" class=\"bloc textImage mb-0  imageDroite position-relative\">\n    <div class=\"container position-relative\">\n      <div class=\"row\">\n                <div class=\"col-12 order-md-2 \">\n          <h2 class=\"apparition\">\n            \u00ab\u00a02030, Investir Demain\u00a0\u00bb , l&rsquo;\u00e9v\u00e9nement annuel de place pour conclure            <\/h2>\n        <\/div>\n        <div class=\"col-12 col-md-5 order-md-4\">\n          <div class=\"cadreImage\">\n            <img decoding=\"async\" src=\"https:\/\/2030investirdemain.com\/wp-content\/uploads\/2024\/11\/kasto.png\" class=\"w-100 myshadow apparition animDelay250 apparitionFromRight\" \/>\n                      <\/div>\n        <\/div>\n        <div class=\"col-12 col-md-7 order-md-3 d-flex align-items-center \">\n          <div>\n            <div class=\"apparition mt-4 mt-md-0\">\n              <p><strong>Saison 1 : un premier cycle riche et concret<\/strong><\/p>\n<p data-start=\"420\" data-end=\"860\"><!-- \/wp:paragraph --> <!-- wp:paragraph --><\/p>\n<p>Compos\u00e9e de <strong>six groupes de travail<\/strong> autour de th\u00e9matiques cl\u00e9s \u2013 <strong>Biodiversit\u00e9, Climat, Social, R\u00e9glementation, Urbanisation et Relocalisation juste<\/strong> \u2013 la premi\u00e8re saison s\u2019est conclue par un <strong>\u00e9v\u00e9nement de restitution<\/strong> marquant, le <strong>mardi 14 octobre 2025<\/strong>, \u00e0 l\u2019Orangerie d\u2019Auteuil (Paris).<\/p>\n<div data-olk-copy-source=\"MailCompose\">Durant cet \u00e9v\u00e8nement, les <b>six groupes de travail<\/b>\u00a0ont pr\u00e9sent\u00e9 des livrables concrets, parmi lesquels :<\/div>\n<ul>\n<li>Un <a href=\"https:\/\/2030investirdemain.com\/wp-content\/uploads\/2025\/10\/LIVRE20BLANC20SUR20LA20RELOCALISATION.pdf\" target=\"_blank\" rel=\"noopener\"><b>guide d\u2019engagement actionnarial<\/b><\/a>\u00a0pour la relocalisation juste (avec Sycomore AM) ;<\/li>\n<li>Un <b>cadre d\u2019action partag\u00e9<\/b>\u00a0pour une meilleure gestion des ressources essentielles (avec Ecofi) ;<\/li>\n<li>Le lancement du m\u00e9dia <b>MonEpargneClimat.fr<\/b>\u00a0(avec LBP AM) ;<\/li>\n<li>Un <a href=\"https:\/\/2030investirdemain.com\/wp-content\/uploads\/2025\/10\/2025-10-biodiversite-bonnes-pratiques.pdf.pdf\" target=\"_blank\" rel=\"noopener\"><b>guide pratique pour la biodiversit\u00e9<\/b><\/a>\u00a0(avec Candriam) ;<\/li>\n<li>Une <b>cartographie des meilleures pratiques pour la ville de demain<\/b>\u00a0(avec Edmond de Rothschild AM) ;<\/li>\n<li>Un <b>questionnaire in\u00e9dit sur la gouvernance ESG<\/b>\u00a0(avec Osapiens) ;<\/li>\n<\/ul>\n<div>\n<p><!-- \/wp:paragraph --><\/p>\n<\/div>\n            <\/div>\n                      <\/div>\n        <\/div>\n      <\/div>\n    <\/div>\n  <\/div>\n    \n\n\n<p><\/p>\n\n\n  <div id=\"\" class=\"bloc textImage mb-0  imageGauche position-relative\">\n    <div class=\"container position-relative\">\n      <div class=\"row\">\n                  <div class=\"col-12 order-md-1 col-md-5\">\n          \n          <\/div>\n                <div class=\"col-12 order-md-2 col-md-7\">\n          <h2 class=\"apparition\">\n            D\u00e9couvrez notre Livre blanc &#8211; \u00e9dition 2024\/2025          <\/h2>\n        <\/div>\n        <div class=\"col-12 col-md-5 order-md-3\">\n          <div class=\"cadreImage\">\n            <img decoding=\"async\" src=\"https:\/\/2030investirdemain.com\/wp-content\/uploads\/2025\/10\/Agefi_Investir_demain-139-scaled.jpg\" class=\"w-100 myshadow apparition animDelay250 apparitionFromLeft\" \/>\n                      <\/div>\n        <\/div>\n        <div class=\"col-12 col-md-7 order-md-4 d-flex align-items-center \">\n          <div>\n            <div class=\"apparition mt-4 mt-md-0\">\n              <p><!-- wp:paragraph --><\/p>\n<p>Ce livre blanc restitue les <strong>principaux enseignements d\u2019une ann\u00e9e d\u2019\u00e9changes<\/strong> structur\u00e9s au sein des six groupes de travail th\u00e9matiques. \u00c0 travers ces groupes de travail cofond\u00e9s avec des acteurs de premier plan et r\u00e9unissant des expertises vari\u00e9es, nous avons pos\u00e9 les bases d\u2019un <strong>dialogue constructif et tourn\u00e9 vers l\u2019avenir<\/strong>, auquel chaque groupe apporte sa pierre \u00e0 un \u00e9difice commun, capable de guider les d\u00e9cisions des investisseurs vers un impact positif r\u00e9el et durable.<\/p>\n<p><!-- \/wp:paragraph --> <!-- wp:paragraph --><\/p>\n<p><a href=\"https:\/\/2030investirdemain.com\/wp-content\/uploads\/2025\/10\/livre-blanc_version-finale.pdf\" data-type=\"link\" data-id=\"https:\/\/2030investirdemain.com\/wp-content\/uploads\/2025\/10\/livre-blanc_version-finale.pdf\"><strong>T\u00e9l\u00e9chargez la synth\u00e8se d\u2019une ann\u00e9e de r\u00e9flexions, de d\u00e9bats et d\u2019\u00e9changes. <\/strong><\/a><\/p>\n<p><!-- \/wp:paragraph --> <!-- wp:paragraph --><\/p>\n<p>L\u2019ambition de ce document est de<strong> fournir des cl\u00e9s de compr\u00e9hension et d\u2019action pragmatiques <\/strong>aux professionnels de la finance et \u00e0 toutes celles et ceux d\u00e9cid\u00e9s \u00e0 faire de l\u2019investissement durable une r\u00e9alit\u00e9 tangible.<\/p>\n            <\/div>\n                      <\/div>\n        <\/div>\n      <\/div>\n    <\/div>\n  <\/div>\n    \n\n\n<p><\/p>\n\n\n  <div id=\"\" class=\"bloc textImage mb-0  imageDroite position-relative\">\n    <div class=\"container position-relative\">\n      <div class=\"row\">\n                <div class=\"col-12 order-md-2 \">\n          <h2 class=\"apparition\">\n            Saison 2 : cap sur de nouveaux enjeux          <\/h2>\n        <\/div>\n        <div class=\"col-12 col-md-5 order-md-4\">\n          <div class=\"cadreImage\">\n            <img decoding=\"async\" src=\"https:\/\/2030investirdemain.com\/wp-content\/uploads\/2025\/10\/Agefi_Investir_demain-48-1-scaled.jpg\" class=\"w-100 myshadow apparition animDelay250 apparitionFromRight\" \/>\n                      <\/div>\n        <\/div>\n        <div class=\"col-12 col-md-7 order-md-3 d-flex align-items-center \">\n          <div>\n            <div class=\"apparition mt-4 mt-md-0\">\n              <p><!-- wp:paragraph --><\/p>\n<p><!-- wp:paragraph --><\/p>\n<p>Fort du succ\u00e8s de cette premi\u00e8re \u00e9dition, <strong>la saison 2 <\/strong>du Think Tank \u00ab\u00a02030, Investir Demain\u00a0\u00bb, cette nouvelle saison s\u2019articule autour de deux groupes de travail in\u00e9dits : <strong>Sant\u00e9 mentale<\/strong><strong>\u00a0et <\/strong><strong>Souverainet\u00e9 europ\u00e9enne<\/strong>.<\/p>\n<p><!-- \/wp:paragraph --> <!-- wp:paragraph --><\/p>\n<p>Autant de th\u00e8mes qui illustrent la volont\u00e9 du Think Tank de <strong>croiser innovation, impact et durabilit\u00e9<\/strong>, tout en restant au plus pr\u00e8s des grandes transitions \u00e9conomiques et sociales.<\/p>\n<p><!-- \/wp:paragraph -->Le prochain grand \u00e9v\u00e9nement de restitution aura lieu <strong>en juin prochain<\/strong>, pour partager les r\u00e9sultats, les signaux faibles identifi\u00e9s et les perspectives pour la finance de demain.<\/p>\n<p data-start=\"420\" data-end=\"860\"><!-- \/wp:paragraph --><\/p>\n            <\/div>\n                      <\/div>\n        <\/div>\n      <\/div>\n    <\/div>\n  <\/div>\n    \n\n\n<p><\/p>\n\n\n\n<p><strong>Une caisse de r\u00e9sonance forte<\/strong><\/p>\n\n\n\n<p>Gr\u00e2ce \u00e0 la mobilisation conjointe de <strong>L\u2019AGEFI<\/strong> et <strong>ID, l\u2019Info Durable<\/strong>, le Think Tank b\u00e9n\u00e9ficie d\u2019une <strong>visibilit\u00e9 unique<\/strong>, favorisant la <strong>diffusion des travaux<\/strong> aupr\u00e8s des <strong>experts, du grand public et des d\u00e9cideurs politiques<\/strong>, et contribuant ainsi \u00e0 <strong>acc\u00e9l\u00e9rer la transformation durable de la finance<\/strong>.<\/p>\n","protected":false},"excerpt":{"rendered":"<p>\u00ab Notre premier enjeu est d\u2019animer cette initiative de place. Chaque groupe de travail s\u2019est fix\u00e9 des objectifs tr\u00e8s ambitieux afin de faire avancer des sujets majeurs pour l\u2019\u00e9cosyst\u00e8me, nous serons \u00e0 la man\u0153uvre pour cr\u00e9er des dynamiques collectives permettant d\u2019obtenir des r\u00e9sultats tangibles et profitables au plus grand nombre, indique Val\u00e8re Corr\u00e9ard, directeur d\u00e9l\u00e9gu\u00e9 [&hellip;]<\/p>\n","protected":false},"author":1,"featured_media":0,"parent":0,"menu_order":0,"comment_status":"closed","ping_status":"closed","template":"","meta":{"_acf_changed":false,"footnotes":""},"class_list":["post-56","page","type-page","status-publish","hentry"],"acf":[],"_links":{"self":[{"href":"https:\/\/2030investirdemain.com\/fr\/wp-json\/wp\/v2\/pages\/56","targetHints":{"allow":["GET"]}}],"collection":[{"href":"https:\/\/2030investirdemain.com\/fr\/wp-json\/wp\/v2\/pages"}],"about":[{"href":"https:\/\/2030investirdemain.com\/fr\/wp-json\/wp\/v2\/types\/page"}],"author":[{"embeddable":true,"href":"https:\/\/2030investirdemain.com\/fr\/wp-json\/wp\/v2\/users\/1"}],"replies":[{"embeddable":true,"href":"https:\/\/2030investirdemain.com\/fr\/wp-json\/wp\/v2\/comments?post=56"}],"version-history":[{"count":23,"href":"https:\/\/2030investirdemain.com\/fr\/wp-json\/wp\/v2\/pages\/56\/revisions"}],"predecessor-version":[{"id":1732,"href":"https:\/\/2030investirdemain.com\/fr\/wp-json\/wp\/v2\/pages\/56\/revisions\/1732"}],"wp:attachment":[{"href":"https:\/\/2030investirdemain.com\/fr\/wp-json\/wp\/v2\/media?parent=56"}],"curies":[{"name":"wp","href":"https:\/\/api.w.org\/{rel}","templated":true}]}}